{"id":73,"date":"2015-06-24T22:26:31","date_gmt":"2015-06-24T20:26:31","guid":{"rendered":"http:\/\/www.duesigt.de\/wordpress\/?page_id=73"},"modified":"2015-08-11T22:39:32","modified_gmt":"2015-08-11T20:39:32","slug":"kira","status":"publish","type":"page","link":"http:\/\/www.duesigt.de\/wordpress\/?page_id=73","title":{"rendered":"Kira"},"content":{"rendered":"<table width=\"100%\" align=\"center\">\n<tbody>\n<tr>\n<td align=\"center\" width=\"50%\"><img decoding=\"async\" loading=\"lazy\" src=\"http:\/\/www.duesigt.de\/kira\/2010_04_03_kira_2010_04_033.JPG\" alt=\"\" width=\"301\" height=\"400\" border=\"0\" \/><\/td>\n<td valign=\"top\" width=\"50%\">\n<h2>Hallo &#8211; Ich bin&#8217;s &#8211; Kira!<\/h2>\n<p>Heute, am 03.04.2010, bin ich um 00:07 Uhr im St\u00e4dtischen Klinikum G\u00fctersloh zur Welt gekommen.<\/p>\n<p>Eins habe ich meinem gro\u00dfen Bruder Eric bereits voraus: Mit 4070 g und 54 cm bin ich schwerer und gr\u00f6\u00dfer als er am Tag seiner Geburt &#8211; mehr habe ich diesbez\u00fcglich allerdings nicht anzubieten.<\/p>\n<p>Es wird also noch ein wenig dauern, bis wir gemeinsam singen, tanzen und spielen k\u00f6nnen &#8211; aber auch das geht schnell.<\/p>\n<p>Ich freue mich, diese Welt und die Menschen kennen zu lernen. Zu erreichen bin ich dann bald an der Schledebr\u00fcckstr. 94a, zusammen mit meiner Mama, meinem Papa und meinem gro\u00dfen Bruder.<\/p>\n<p>Wer mir eine E-Mail senden m\u00f6chte, schicke diese bitte an<br \/>\n<a href=\"mailto:kira@duesigt.de\">kira[at]duesigt.de<\/a>.<\/p>\n<p>Liebe Gr\u00fc\u00dfe!<\/p>\n<p>Kira<\/td>\n<\/tr>\n<\/tbody>\n<\/table>\n","protected":false},"excerpt":{"rendered":"<p>Hallo &#8211; Ich bin&#8217;s &#8211; Kira! Heute, am 03.04.2010, bin ich um 00:07 Uhr im St\u00e4dtischen Klinikum G\u00fctersloh zur Welt gekommen. Eins habe ich meinem gro\u00dfen Bruder Eric bereits voraus: Mit 4070 g und 54 cm bin ich schwerer und gr\u00f6\u00dfer als er am Tag seiner Geburt &#8211; mehr habe ich diesbez\u00fcglich allerdings nicht anzubieten. [&hellip;]<\/p>\n","protected":false},"author":1,"featured_media":0,"parent":0,"menu_order":0,"comment_status":"open","ping_status":"open","template":"","meta":{"footnotes":""},"_links":{"self":[{"href":"http:\/\/www.duesigt.de\/wordpress\/index.php?rest_route=\/wp\/v2\/pages\/73"}],"collection":[{"href":"http:\/\/www.duesigt.de\/wordpress\/index.php?rest_route=\/wp\/v2\/pages"}],"about":[{"href":"http:\/\/www.duesigt.de\/wordpress\/index.php?rest_route=\/wp\/v2\/types\/page"}],"author":[{"embeddable":true,"href":"http:\/\/www.duesigt.de\/wordpress\/index.php?rest_route=\/wp\/v2\/users\/1"}],"replies":[{"embeddable":true,"href":"http:\/\/www.duesigt.de\/wordpress\/index.php?rest_route=%2Fwp%2Fv2%2Fcomments&post=73"}],"version-history":[{"count":5,"href":"http:\/\/www.duesigt.de\/wordpress\/index.php?rest_route=\/wp\/v2\/pages\/73\/revisions"}],"predecessor-version":[{"id":132,"href":"http:\/\/www.duesigt.de\/wordpress\/index.php?rest_route=\/wp\/v2\/pages\/73\/revisions\/132"}],"wp:attachment":[{"href":"http:\/\/www.duesigt.de\/wordpress\/index.php?rest_route=%2Fwp%2Fv2%2Fmedia&parent=73"}],"curies":[{"name":"wp","href":"https:\/\/api.w.org\/{rel}","templated":true}]}}